 {"version":"1.0","provider_name":"Prix de Lausanne","provider_url":"https:\/\/www.prixdelausanne.org\/fr\/","author_name":"Olivia Edelman","author_url":"https:\/\/www.prixdelausanne.org\/fr\/author\/olivia\/","title":"D\u00e9voilement des quatre affiches 2026 - Prix de Lausanne","type":"rich","width":600,"height":338,"html":"<blockquote class=\"wp-embedded-content\" data-secret=\"VmVmrtmFlm\"><a href=\"https:\/\/www.prixdelausanne.org\/fr\/2026-posters\/\">D\u00e9voilement des quatre affiches 2026<\/a><\/blockquote><iframe sandbox=\"allow-scripts\" security=\"restricted\" src=\"https:\/\/www.prixdelausanne.org\/fr\/2026-posters\/embed\/#?secret=VmVmrtmFlm\" width=\"600\" height=\"338\" title=\"\u00ab\u00a0D\u00e9voilement des quatre affiches 2026\u00a0\u00bb &#8212; Prix de Lausanne\" data-secret=\"VmVmrtmFlm\" frameborder=\"0\" marginwidth=\"0\" marginheight=\"0\" scrolling=\"no\" class=\"wp-embedded-content\"><\/iframe><script type=\"text\/javascript\">\n\/* <![CDATA[ *\/\n\/*! This file is auto-generated *\/\n!function(d,l){\"use strict\";l.querySelector&&d.addEventListener&&\"undefined\"!=typeof URL&&(d.wp=d.wp||{},d.wp.receiveEmbedMessage||(d.wp.receiveEmbedMessage=function(e){var t=e.data;if((t||t.secret||t.message||t.value)&&!\/[^a-zA-Z0-9]\/.test(t.secret)){for(var s,r,n,a=l.querySelectorAll('iframe[data-secret=\"'+t.secret+'\"]'),o=l.querySelectorAll('blockquote[data-secret=\"'+t.secret+'\"]'),c=new RegExp(\"^https?:$\",\"i\"),i=0;i<o.length;i++)o[i].style.display=\"none\";for(i=0;i<a.length;i++)s=a[i],e.source===s.contentWindow&&(s.removeAttribute(\"style\"),\"height\"===t.message?(1e3<(r=parseInt(t.value,10))?r=1e3:~~r<200&&(r=200),s.height=r):\"link\"===t.message&&(r=new URL(s.getAttribute(\"src\")),n=new URL(t.value),c.test(n.protocol))&&n.host===r.host&&l.activeElement===s&&(d.top.location.href=t.value))}},d.addEventListener(\"message\",d.wp.receiveEmbedMessage,!1),l.addEventListener(\"DOMContentLoaded\",function(){for(var e,t,s=l.querySelectorAll(\"iframe.wp-embedded-content\"),r=0;r<s.length;r++)(t=(e=s[r]).getAttribute(\"data-secret\"))||(t=Math.random().toString(36).substring(2,12),e.src+=\"#?secret=\"+t,e.setAttribute(\"data-secret\",t)),e.contentWindow.postMessage({message:\"ready\",secret:t},\"*\")},!1)))}(window,document);\n\/\/# sourceURL=https:\/\/www.prixdelausanne.org\/wp-includes\/js\/wp-embed.min.js\n\/* ]]> *\/\n<\/script>\n","thumbnail_url":"https:\/\/www.prixdelausanne.org\/wp-content\/uploads\/2025\/08\/39017-site-1-scaled.jpg","thumbnail_width":2560,"thumbnail_height":1440,"description":"Nous sommes fiers de d\u00e9voiler les affiches du Prix de Lausanne 2026, cr\u00e9\u00e9es par Alain Kissing (atelier k), avec des photographies sign\u00e9es par notre photographe officiel, Gregory Batardon. Fid\u00e8les \u00e0 la tradition, ces affiches mettent \u00e0 l\u2019honneur les Laur\u00e9ats et Laur\u00e9ates de l\u2019\u00e9dition pr\u00e9c\u00e9dente: Hanxi Wang, Laur\u00e9ate du Prix de Lausanne 2025 (Chine), form\u00e9e \u00e0 [&hellip;]"}